{"id":533,"date":"2020-09-16T08:25:09","date_gmt":"2020-09-16T08:25:09","guid":{"rendered":"https:\/\/riedmuehli.ch\/?page_id=533"},"modified":"2024-12-10T15:39:36","modified_gmt":"2024-12-10T15:39:36","slug":"about-us","status":"publish","type":"page","link":"https:\/\/riedmuehli.ch\/?page_id=533","title":{"rendered":"\u00dcber uns"},"content":{"rendered":"\n<div class=\"wp-block-uagb-container uagb-block-ec09e800 alignfull uagb-is-root-container\">\n<h1 class=\"wp-block-heading has-text-align-center\"><mark style=\"background-color:rgba(0, 0, 0, 0)\" class=\"has-inline-color has-ast-global-color-4-color\">\u00dcber uns<\/mark><\/h1>\n<\/div>\n\n\n\n<div class=\"wp-block-uagb-container uagb-block-83b2653a alignfull uagb-is-root-container\"><div class=\"uagb-container-inner-blocks-wrap\">\n<p><\/p>\n\n\n\n<div style=\"height:50px\" aria-hidden=\"true\" class=\"wp-block-spacer\"><\/div>\n\n\n\n<p class=\"has-text-align-center\"><img loading=\"lazy\" decoding=\"async\" width=\"150\" height=\"116\" class=\"wp-image-1601\" style=\"width: 150px;\" src=\"https:\/\/riedmuehli.ch\/wp-content\/uploads\/2023\/01\/Riedmuehle-Logo1-weiss-1-e1673242748563.png\" alt=\"\" srcset=\"https:\/\/riedmuehli.ch\/wp-content\/uploads\/2023\/01\/Riedmuehle-Logo1-weiss-1-e1673242748563.png 366w, https:\/\/riedmuehli.ch\/wp-content\/uploads\/2023\/01\/Riedmuehle-Logo1-weiss-1-e1673242748563-300x232.png 300w\" sizes=\"auto, (max-width: 150px) 100vw, 150px\" \/><\/p>\n\n\n\n<h4 class=\"wp-block-heading has-text-align-center\">Unsere Leidenschaft &#8211; Ihr Genuss<\/h4>\n\n\n\n<hr class=\"wp-block-separator has-text-color has-white-color has-alpha-channel-opacity has-white-background-color has-background is-style-wide\" style=\"margin-top:2px\"\/>\n\n\n\n<div style=\"height:33px\" aria-hidden=\"true\" class=\"wp-block-spacer\"><\/div>\n\n\n\n<div class=\"wp-block-columns is-layout-flex wp-container-core-columns-is-layout-28f84493 wp-block-columns-is-layout-flex\">\n<div class=\"wp-block-column is-layout-flow wp-block-column-is-layout-flow\">\n<figure class=\"wp-block-image aligncenter size-full is-resized has-custom-border\"><img loading=\"lazy\" decoding=\"async\" width=\"247\" height=\"349\" src=\"https:\/\/riedmuehli.ch\/wp-content\/uploads\/2024\/10\/Iris-Graf.jpg\" alt=\"\" class=\"wp-image-2376\" style=\"border-style:none;border-width:0px;border-radius:0px;box-shadow:var(--wp--preset--shadow--deep);aspect-ratio:3\/4;object-fit:cover;width:200px\" srcset=\"https:\/\/riedmuehli.ch\/wp-content\/uploads\/2024\/10\/Iris-Graf.jpg 247w, https:\/\/riedmuehli.ch\/wp-content\/uploads\/2024\/10\/Iris-Graf-212x300.jpg 212w\" sizes=\"auto, (max-width: 247px) 100vw, 247px\" \/><\/figure>\n\n\n\n<p class=\"has-text-align-center\"><strong><mark style=\"background-color:rgba(0, 0, 0, 0)\" class=\"has-inline-color has-ast-global-color-4-color\">Iris Graf<\/mark><\/strong><br>Inhaberin, Gastgeberin<\/p>\n<\/div>\n\n\n\n<div class=\"wp-block-column is-layout-flow wp-block-column-is-layout-flow\">\n<figure class=\"wp-block-image aligncenter size-full is-resized has-custom-border\"><img loading=\"lazy\" decoding=\"async\" width=\"940\" height=\"1353\" src=\"https:\/\/riedmuehli.ch\/wp-content\/uploads\/2024\/10\/Markus-Graf.jpg\" alt=\"\" class=\"wp-image-2374\" style=\"border-style:none;border-width:0px;border-radius:0px;box-shadow:var(--wp--preset--shadow--deep);aspect-ratio:3\/4;object-fit:cover;width:200px\" srcset=\"https:\/\/riedmuehli.ch\/wp-content\/uploads\/2024\/10\/Markus-Graf.jpg 940w, https:\/\/riedmuehli.ch\/wp-content\/uploads\/2024\/10\/Markus-Graf-208x300.jpg 208w, https:\/\/riedmuehli.ch\/wp-content\/uploads\/2024\/10\/Markus-Graf-711x1024.jpg 711w, https:\/\/riedmuehli.ch\/wp-content\/uploads\/2024\/10\/Markus-Graf-768x1105.jpg 768w, https:\/\/riedmuehli.ch\/wp-content\/uploads\/2024\/10\/Markus-Graf-534x768.jpg 534w\" sizes=\"auto, (max-width: 940px) 100vw, 940px\" \/><\/figure>\n\n\n\n<p class=\"has-text-align-center\"><strong><mark style=\"background-color:rgba(0, 0, 0, 0)\" class=\"has-inline-color has-ast-global-color-4-color\">Markus Graf<\/mark><\/strong><br>Inhaber<\/p>\n<\/div>\n<\/div>\n\n\n\n<div style=\"height:51px\" aria-hidden=\"true\" class=\"wp-block-spacer\"><\/div>\n\n\n\n<p class=\"has-text-align-center\">Wir freuen uns, Sie bei uns verw\u00f6hnen zu d\u00fcrfen. <\/p>\n\n\n\n<div class=\"wp-block-columns is-layout-flex wp-container-core-columns-is-layout-28f84493 wp-block-columns-is-layout-flex\">\n<div class=\"wp-block-column is-layout-flow wp-block-column-is-layout-flow\">\n<h6 class=\"wp-block-heading\"><mark style=\"background-color:rgba(0, 0, 0, 0);color:#660e17\" class=\"has-inline-color\">Im Service begr\u00fcssen Sie: Iris, Iveta, Tanja und Doris <\/mark><\/h6>\n<\/div>\n\n\n\n<div class=\"wp-block-column is-layout-flow wp-block-column-is-layout-flow\">\n<h6 class=\"wp-block-heading\"><mark style=\"background-color:rgba(0, 0, 0, 0);color:#6a150e\" class=\"has-inline-color\">Aus der K\u00fcche verw\u00f6hnt Sie: Markus, Agostino und Shanty<\/mark><\/h6>\n<\/div>\n<\/div>\n<\/div><\/div>\n\n\n\n<div style=\"height:116px\" aria-hidden=\"true\" class=\"wp-block-spacer\"><\/div>\n\n\n\n<figure class=\"wp-block-image aligncenter size-full is-resized\"><img loading=\"lazy\" decoding=\"async\" width=\"366\" height=\"283\" src=\"https:\/\/riedmuehli.ch\/wp-content\/uploads\/2023\/01\/Riedmuehle-Logo1-weiss-1-e1673242748563.png\" alt=\"\" class=\"wp-image-1601\" style=\"width:150px\" srcset=\"https:\/\/riedmuehli.ch\/wp-content\/uploads\/2023\/01\/Riedmuehle-Logo1-weiss-1-e1673242748563.png 366w, https:\/\/riedmuehli.ch\/wp-content\/uploads\/2023\/01\/Riedmuehle-Logo1-weiss-1-e1673242748563-300x232.png 300w\" sizes=\"auto, (max-width: 366px) 100vw, 366px\" \/><\/figure>\n\n\n\n<h4 class=\"wp-block-heading has-text-align-center\">Unser Service<\/h4>\n\n\n\n<hr class=\"wp-block-separator has-text-color has-white-color has-alpha-channel-opacity has-white-background-color has-background is-style-wide\"\/>\n\n\n\n<div class=\"wp-block-uagb-advanced-heading uagb-block-9a935d95\"><p class=\"uagb-desc-text\">Wir sind innovativ und haben f\u00fcr viele W\u00fcnsche ein offenes Ohr. <br>Wenn Sie einen Anlass planen sind wir der richtige Partner f\u00fcr Sie.<br><br>Feiern Sie Geburtstag, Familienfeste oder ein feines Essen mit Ihrer Firma oder dem Verein? <br>Wir sind f\u00fcr Sie da und freuen uns, zusammen mit Ihnen ein unvergessliches Erlebnis zu gestalten.<\/p><\/div>\n\n\n\n<div style=\"height:52px\" aria-hidden=\"true\" class=\"wp-block-spacer\"><\/div>\n\n\n\n<h6 class=\"wp-block-heading has-text-align-center has-ast-global-color-5-color has-text-color\">F\u00fcr unsere kleinen G\u00e4ste<\/h6>\n\n\n\n<p class=\"has-text-align-center\">F\u00fcr Ihre Kinder&nbsp;halten wir Spielsachen und Malartikel bereit, sowie einen Wickeltisch f\u00fcr die Kleinsten.<br>In der Riedm\u00fchle gibt es einen kleinen Spielplatz f\u00fcr unsere jungen G\u00e4ste.<\/p>\n\n\n\n<div style=\"height:100px\" aria-hidden=\"true\" class=\"wp-block-spacer\"><\/div>\n\n\n\n<figure class=\"wp-block-image aligncenter size-full is-resized\"><img loading=\"lazy\" decoding=\"async\" width=\"366\" height=\"283\" src=\"https:\/\/riedmuehli.ch\/wp-content\/uploads\/2023\/01\/Riedmuehle-Logo1-weiss-1-e1673242748563.png\" alt=\"\" class=\"wp-image-1601\" style=\"width:150px\" srcset=\"https:\/\/riedmuehli.ch\/wp-content\/uploads\/2023\/01\/Riedmuehle-Logo1-weiss-1-e1673242748563.png 366w, https:\/\/riedmuehli.ch\/wp-content\/uploads\/2023\/01\/Riedmuehle-Logo1-weiss-1-e1673242748563-300x232.png 300w\" sizes=\"auto, (max-width: 366px) 100vw, 366px\" \/><\/figure>\n\n\n\n<h4 class=\"wp-block-heading has-text-align-center\"><mark style=\"background-color:rgba(0, 0, 0, 0)\" class=\"has-inline-color has-ast-global-color-4-color\">Zur Geschichte der Riedm\u00fchle<\/mark><\/h4>\n\n\n\n<hr class=\"wp-block-separator has-text-color has-white-color has-alpha-channel-opacity has-white-background-color has-background is-style-wide\"\/>\n\n\n\n<div class=\"wp-block-columns is-layout-flex wp-container-core-columns-is-layout-28f84493 wp-block-columns-is-layout-flex\">\n<div class=\"wp-block-column is-layout-flow wp-block-column-is-layout-flow\" style=\"flex-basis:100%\">\n<div class=\"wp-block-columns is-layout-flex wp-container-core-columns-is-layout-28f84493 wp-block-columns-is-layout-flex\">\n<div class=\"wp-block-column is-layout-flow wp-block-column-is-layout-flow\" style=\"flex-basis:100%\">\n<div style=\"height:44px\" aria-hidden=\"true\" class=\"wp-block-spacer\"><\/div>\n<\/div>\n<\/div>\n\n\n\n<div class=\"wp-block-columns is-layout-flex wp-container-core-columns-is-layout-28f84493 wp-block-columns-is-layout-flex\">\n<div class=\"wp-block-column is-layout-flow wp-block-column-is-layout-flow\" style=\"flex-basis:100%\">\n<div class=\"wp-block-columns is-layout-flex wp-container-core-columns-is-layout-28f84493 wp-block-columns-is-layout-flex\">\n<div class=\"wp-block-column is-layout-flow wp-block-column-is-layout-flow\">\n<h4 class=\"wp-block-heading\"><mark style=\"background-color:rgba(0, 0, 0, 0)\" class=\"has-inline-color has-ast-global-color-4-color\"><\/mark><\/h4>\n\n\n\n<p>Die Riedm\u00fchle kam schon 1816 durch ein Verm\u00e4chtnis in den Besitz der Familie Toggenburger.<br>Um die vorletzte Jahrhundertwende betrieben die Eltern von Emil Toggenburger, des nachmaligen Gr\u00fcnders der Toggenburger AG, auf der Riedm\u00fchle eine Getreidem\u00fchle, das Restaurant und den Bauernhof. Daneben wurden im Lohnbetrieb Sand und Kies abgebaut. Der M\u00fcllereibetrieb wurde 1920 eingestellt. Das M\u00fchlrad und Wahrzeichen der Riedm\u00fchle blieb bis heute erhalten und jeder Besucher kann dieses im Hinterhof bestaunen.<\/p>\n<\/div>\n\n\n\n<div class=\"wp-block-column is-layout-flow wp-block-column-is-layout-flow\">\n<figure class=\"wp-block-image size-full\"><img loading=\"lazy\" decoding=\"async\" width=\"768\" height=\"484\" src=\"https:\/\/riedmuehli.ch\/wp-content\/uploads\/2023\/01\/wasserrad_dinhard_2019_08_www.jpg\" alt=\"\" class=\"wp-image-1645\" srcset=\"https:\/\/riedmuehli.ch\/wp-content\/uploads\/2023\/01\/wasserrad_dinhard_2019_08_www.jpg 768w, https:\/\/riedmuehli.ch\/wp-content\/uploads\/2023\/01\/wasserrad_dinhard_2019_08_www-300x189.jpg 300w\" sizes=\"auto, (max-width: 768px) 100vw, 768px\" \/><\/figure>\n<\/div>\n<\/div>\n<\/div>\n<\/div>\n<\/div>\n<\/div>\n\n\n\n<p><\/p>\n\n\n\n<p><\/p>\n\n\n\n<div style=\"height:100px\" aria-hidden=\"true\" class=\"wp-block-spacer\"><\/div>\n","protected":false},"excerpt":{"rendered":"<p>\u00dcber uns Unsere Leidenschaft &#8211; Ihr Genuss Iris GrafInhaberin, Gastgeberin Markus GrafInhaber Wir freuen uns, Sie bei uns verw\u00f6hnen zu d\u00fcrfen. Im Service begr\u00fcssen Sie: Iris, Iveta, Tanja und Doris Aus der K\u00fcche verw\u00f6hnt Sie: Markus, Agostino und Shanty Unser Service Wir sind innovativ und haben f\u00fcr viele W\u00fcnsche ein offenes Ohr. Wenn Sie einen [&hellip;]<\/p>\n","protected":false},"author":1,"featured_media":0,"parent":0,"menu_order":0,"comment_status":"closed","ping_status":"closed","template":"","meta":{"_uag_custom_page_level_css":"","site-sidebar-layout":"no-sidebar","site-content-layout":"plain-container","ast-site-content-layout":"default","site-content-style":"default","site-sidebar-style":"default","ast-global-header-display":"","ast-banner-title-visibility":"","ast-main-header-display":"","ast-hfb-above-header-display":"","ast-hfb-below-header-display":"","ast-hfb-mobile-header-display":"","site-post-title":"disabled","ast-breadcrumbs-content":"","ast-featured-img":"","footer-sml-layout":"","ast-disable-related-posts":"","theme-transparent-header-meta":"default","adv-header-id-meta":"","stick-header-meta":"","header-above-stick-meta":"","header-main-stick-meta":"","header-below-stick-meta":"","astra-migrate-meta-layouts":"default","ast-page-background-enabled":"default","ast-page-background-meta":{"desktop":{"background-color":"","background-image":"","background-repeat":"repeat","background-position":"center center","background-size":"auto","background-attachment":"scroll","background-type":"","background-media":"","overlay-type":"","overlay-color":"","overlay-opacity":"","overlay-gradient":""},"tablet":{"background-color":"","background-image":"","background-repeat":"repeat","background-position":"center center","background-size":"auto","background-attachment":"scroll","background-type":"","background-media":"","overlay-type":"","overlay-color":"","overlay-opacity":"","overlay-gradient":""},"mobile":{"background-color":"","background-image":"","background-repeat":"repeat","background-position":"center center","background-size":"auto","background-attachment":"scroll","background-type":"","background-media":"","overlay-type":"","overlay-color":"","overlay-opacity":"","overlay-gradient":""}},"ast-content-background-meta":{"desktop":{"background-color":"var(--ast-global-color-5)","background-image":"","background-repeat":"repeat","background-position":"center center","background-size":"auto","background-attachment":"scroll","background-type":"","background-media":"","overlay-type":"","overlay-color":"","overlay-opacity":"","overlay-gradient":""},"tablet":{"background-color":"var(--ast-global-color-5)","background-image":"","background-repeat":"repeat","background-position":"center center","background-size":"auto","background-attachment":"scroll","background-type":"","background-media":"","overlay-type":"","overlay-color":"","overlay-opacity":"","overlay-gradient":""},"mobile":{"background-color":"var(--ast-global-color-5)","background-image":"","background-repeat":"repeat","background-position":"center center","background-size":"auto","background-attachment":"scroll","background-type":"","background-media":"","overlay-type":"","overlay-color":"","overlay-opacity":"","overlay-gradient":""}},"footnotes":""},"class_list":["post-533","page","type-page","status-publish","hentry"],"aioseo_notices":[],"uagb_featured_image_src":{"full":false,"thumbnail":false,"medium":false,"medium_large":false,"large":false,"ug_big":false,"1536x1536":false,"2048x2048":false},"uagb_author_info":{"display_name":"admin","author_link":"https:\/\/riedmuehli.ch\/?author=1"},"uagb_comment_info":0,"uagb_excerpt":"\u00dcber uns Unsere Leidenschaft &#8211; Ihr Genuss Iris GrafInhaberin, Gastgeberin Markus GrafInhaber Wir freuen uns, Sie bei uns verw\u00f6hnen zu d\u00fcrfen. Im Service begr\u00fcssen Sie: Iris, Iveta, Tanja und Doris Aus der K\u00fcche verw\u00f6hnt Sie: Markus, Agostino und Shanty Unser Service Wir sind innovativ und haben f\u00fcr viele W\u00fcnsche ein offenes Ohr. Wenn Sie einen&hellip;","_links":{"self":[{"href":"https:\/\/riedmuehli.ch\/index.php?rest_route=\/wp\/v2\/pages\/533","targetHints":{"allow":["GET"]}}],"collection":[{"href":"https:\/\/riedmuehli.ch\/index.php?rest_route=\/wp\/v2\/pages"}],"about":[{"href":"https:\/\/riedmuehli.ch\/index.php?rest_route=\/wp\/v2\/types\/page"}],"author":[{"embeddable":true,"href":"https:\/\/riedmuehli.ch\/index.php?rest_route=\/wp\/v2\/users\/1"}],"replies":[{"embeddable":true,"href":"https:\/\/riedmuehli.ch\/index.php?rest_route=%2Fwp%2Fv2%2Fcomments&post=533"}],"version-history":[{"count":82,"href":"https:\/\/riedmuehli.ch\/index.php?rest_route=\/wp\/v2\/pages\/533\/revisions"}],"predecessor-version":[{"id":2402,"href":"https:\/\/riedmuehli.ch\/index.php?rest_route=\/wp\/v2\/pages\/533\/revisions\/2402"}],"wp:attachment":[{"href":"https:\/\/riedmuehli.ch\/index.php?rest_route=%2Fwp%2Fv2%2Fmedia&parent=533"}],"curies":[{"name":"wp","href":"https:\/\/api.w.org\/{rel}","templated":true}]}}